{"id":1403,"date":"2018-06-27T15:42:00","date_gmt":"2018-06-27T13:42:00","guid":{"rendered":"http:\/\/www.lemacine-ferrara.it\/?page_id=1403"},"modified":"2018-06-27T15:42:00","modified_gmt":"2018-06-27T13:42:00","slug":"le-macine-et-lenvironnement","status":"publish","type":"page","link":"https:\/\/www.lemacine-ferrara.it\/fr\/le-macine-et-lenvironnement\/","title":{"rendered":"Le Macine et l\u2019Environnement"},"content":{"rendered":"[vc_row type=\u00a0\u00bbfull_width_content\u00a0\u00bb full_screen_row_position=\u00a0\u00bbmiddle\u00a0\u00bb bg_image=\u00a0\u00bb1180&Prime; bg_position=\u00a0\u00bbleft center\u00a0\u00bb bg_repeat=\u00a0\u00bbno-repeat\u00a0\u00bb parallax_bg=\u00a0\u00bbtrue\u00a0\u00bb parallax_bg_speed=\u00a0\u00bbslow\u00a0\u00bb scene_position=\u00a0\u00bbcenter\u00a0\u00bb text_color=\u00a0\u00bblight\u00a0\u00bb text_align=\u00a0\u00bbcenter\u00a0\u00bb top_padding=\u00a0\u00bb2%\u00a0\u00bb bottom_padding=\u00a0\u00bb2%\u00a0\u00bb color_overlay=\u00a0\u00bb#000000&Prime; overlay_strength=\u00a0\u00bb0.5&Prime; shape_divider_position=\u00a0\u00bbbottom\u00a0\u00bb shape_type=\u00a0\u00bb\u00a0\u00bb][vc_column centered_text=\u00a0\u00bbtrue\u00a0\u00bb column_padding=\u00a0\u00bbpadding-6-percent\u00a0\u00bb column_padding_position=\u00a0\u00bball\u00a0\u00bb background_color_opacity=\u00a0\u00bb1&Prime; background_hover_color_opacity=\u00a0\u00bb1&Prime; column_shadow=\u00a0\u00bbnone\u00a0\u00bb column_border_radius=\u00a0\u00bbnone\u00a0\u00bb width=\u00a0\u00bb1\/1&Prime; tablet_text_alignment=\u00a0\u00bbdefault\u00a0\u00bb phone_text_alignment=\u00a0\u00bbdefault\u00a0\u00bb column_border_width=\u00a0\u00bbnone\u00a0\u00bb column_border_style=\u00a0\u00bbsolid\u00a0\u00bb][vc_custom_heading text=\u00a0\u00bbLe Macine et l\u2019Environnement\u00a0\u00bb font_container=\u00a0\u00bbtag:h1|text_align:center|color:%23ffffff\u00a0\u00bb use_theme_fonts=\u00a0\u00bbyes\u00a0\u00bb][divider line_type=\u00a0\u00bbNo Line\u00a0\u00bb custom_height=\u00a0\u00bb10&Prime;][divider line_type=\u00a0\u00bbSmall Line\u00a0\u00bb line_thickness=\u00a0\u00bb1&Prime; divider_color=\u00a0\u00bbdefault\u00a0\u00bb animate=\u00a0\u00bbyes\u00a0\u00bb custom_height=\u00a0\u00bb30&Prime;][divider line_type=\u00a0\u00bbNo Line\u00a0\u00bb custom_height=\u00a0\u00bb10&Prime;][\/vc_column][\/vc_row][vc_row type=\u00a0\u00bbfull_width_content\u00a0\u00bb full_screen_row_position=\u00a0\u00bbmiddle\u00a0\u00bb scene_position=\u00a0\u00bbcenter\u00a0\u00bb text_color=\u00a0\u00bbdark\u00a0\u00bb text_align=\u00a0\u00bbleft\u00a0\u00bb top_padding=\u00a0\u00bb2%\u00a0\u00bb bottom_padding=\u00a0\u00bb4%\u00a0\u00bb overlay_strength=\u00a0\u00bb0.3&Prime; shape_divider_position=\u00a0\u00bbbottom\u00a0\u00bb shape_type=\u00a0\u00bb\u00a0\u00bb][vc_column column_padding=\u00a0\u00bbpadding-3-percent\u00a0\u00bb column_padding_position=\u00a0\u00bball\u00a0\u00bb background_color_opacity=\u00a0\u00bb1&Prime; background_hover_color_opacity=\u00a0\u00bb1&Prime; background_image=\u00a0\u00bb3377&Prime; column_shadow=\u00a0\u00bbnone\u00a0\u00bb column_border_radius=\u00a0\u00bbnone\u00a0\u00bb width=\u00a0\u00bb1\/6&Prime; tablet_text_alignment=\u00a0\u00bbdefault\u00a0\u00bb phone_text_alignment=\u00a0\u00bbdefault\u00a0\u00bb column_border_width=\u00a0\u00bbnone\u00a0\u00bb column_border_style=\u00a0\u00bbsolid\u00a0\u00bb offset=\u00a0\u00bbvc_hidden-sm vc_hidden-xs\u00a0\u00bb][\/vc_column][vc_column column_padding=\u00a0\u00bbpadding-3-percent\u00a0\u00bb column_padding_position=\u00a0\u00bball\u00a0\u00bb background_color=\u00a0\u00bb#ffffff\u00a0\u00bb background_color_opacity=\u00a0\u00bb1&Prime; background_hover_color_opacity=\u00a0\u00bb1&Prime; column_shadow=\u00a0\u00bbnone\u00a0\u00bb column_border_radius=\u00a0\u00bbnone\u00a0\u00bb width=\u00a0\u00bb2\/3&Prime; tablet_text_alignment=\u00a0\u00bbdefault\u00a0\u00bb phone_text_alignment=\u00a0\u00bbdefault\u00a0\u00bb column_border_width=\u00a0\u00bbnone\u00a0\u00bb column_border_style=\u00a0\u00bbsolid\u00a0\u00bb][vc_row_inner column_margin=\u00a0\u00bbdefault\u00a0\u00bb text_align=\u00a0\u00bbleft\u00a0\u00bb][vc_column_inner enable_animation=\u00a0\u00bbtrue\u00a0\u00bb animation=\u00a0\u00bbfade-in-from-bottom\u00a0\u00bb column_padding=\u00a0\u00bbno-extra-padding\u00a0\u00bb column_padding_position=\u00a0\u00bball\u00a0\u00bb background_color_opacity=\u00a0\u00bb1&Prime; background_hover_color_opacity=\u00a0\u00bb1&Prime; column_shadow=\u00a0\u00bbnone\u00a0\u00bb column_border_radius=\u00a0\u00bbnone\u00a0\u00bb width=\u00a0\u00bb1\/1&Prime; column_border_width=\u00a0\u00bbnone\u00a0\u00bb column_border_style=\u00a0\u00bbsolid\u00a0\u00bb][vc_custom_heading text=\u00a0\u00bbLe Macine Chambres d\u2019H\u00f4tes est issu de la r\u00e9habilitation d\u2019une ancienne ferme de Ferrare qui se distingue par son moulin. La pr\u00e9sence de ce moulin a contribu\u00e9 au choix du nom de notre structure d\u2019accueil (Le Macine signifie \u00ab les meules \u00bb).\u00a0\u00bb font_container=\u00a0\u00bbtag:h4|font_size:25|text_align:center|color:%23000000|line_height:50px\u00a0\u00bb use_theme_fonts=\u00a0\u00bbyes\u00a0\u00bb][divider line_type=\u00a0\u00bbNo Line\u00a0\u00bb custom_height=\u00a0\u00bb30&Prime;][vc_column_text]\n<p style=\"text-align: center;\">En accord avec les nouvelles techniques de construction pr\u00e9vues par la bio-architecture, la r\u00e9novation effectu\u00e9e a tenu compte de croissantes exigences de protection de l\u2019environnement et de la sant\u00e9, avec une attention particuli\u00e8re \u00e0 la question de l\u2019\u00e9conomie d\u2019\u00e9nergie par l\u2019usage de sources d\u2019\u00e9nergie renouvelables, etc.<\/p>\n<p style=\"text-align: center;\">L\u2019intervention de renouv\u00e8lement a donc limit\u00e9 la consommation d\u2019\u00e9nergie non renouvelable et a utilis\u00e9 des mat\u00e9riaux non nocifs et \u00e9cologiques pour r\u00e9duire au minimum l\u2019impact sur la sant\u00e9 et la nature.<\/p>\n<p style=\"text-align: center;\">En particulier, Le Macine utilise :<\/p>\n[\/vc_column_text][divider line_type=\u00a0\u00bbNo Line\u00a0\u00bb custom_height=\u00a0\u00bb40&Prime;]<div class=\"nectar-fancy-ul\" data-list-icon=\"fa fa-chevron-right\" data-animation=\"false\" data-animation-delay=\"0\" data-color=\"accent-color\" data-spacing=\"default\" data-alignment=\"center\"> \n<ul>\n<li>une couverture isolante sur tout le p\u00e9rim\u00e8tre externe de la structure pour maintenir une temp\u00e9rature des pi\u00e8ces stable, afin d\u2019\u00e9viter un r\u00e9chauffement excessif en hiver ou une climatisation excessive de l\u2019air en \u00e9t\u00e9.<\/li>\n<li>une chaudi\u00e8re \u00e0 condensation dot\u00e9e de panneaux solaires qui produisent l\u2019eau chaude n\u00e9cessaire \u00e0 la structure.<\/li>\n<li>Une installation de panneaux photovolta\u00efques pour la production d\u2019\u00e9nergie \u00e9lectrique, qui est redistribu\u00e9e dans le r\u00e9seau .<\/li>\n<li>Des fen\u00eatres, des volets et des fermetures pour un isolement acoustique et thermique complet, qui garantissent le maintien de la temp\u00e9rature interne des pi\u00e8ces et qui ont un excellent pouvoir d\u2019absorbation sonore.<\/li>\n<\/ul>\n <\/div>[divider line_type=\u00a0\u00bbNo Line\u00a0\u00bb custom_height=\u00a0\u00bb40&Prime;][vc_column_text el_class=\u00a0\u00bbfullwidth\u00a0\u00bb]<div class=\"col span_4 centered-text\" data-animation=\"\" data-delay=\"0\"><a class=\"nectar-button n-sc-button medium accent-color regular-button\"  href=\"\/fr\/services\/\" data-color-override=\"false\" data-hover-color-override=\"false\" data-hover-text-color-override=\"#fff\"><span>D\u00e9couvrez nos services<\/span><\/a> <\/div><div class=\"col span_4\" data-animation=\"\" data-delay=\"0\"><a class=\"nectar-button n-sc-button medium accent-color regular-button\"  href=\"\/fr\/prix-offres\/\" data-color-override=\"false\" data-hover-color-override=\"false\" data-hover-text-color-override=\"#fff\"><span>Prix et Offres<\/span><\/a> <\/div><div class=\"col span_4 col_last centered-text\" data-animation=\"\" data-delay=\"0\"><a class=\"nectar-button n-sc-button medium accent-color regular-button\"  href=\"\/fr\/reservations\/\" data-color-override=\"false\" data-hover-color-override=\"false\" data-hover-text-color-override=\"#fff\"><span>R\u00e9servations votre chambre<\/span><\/a> <\/div><div class=\"clear\"><\/div>[\/vc_column_text][\/vc_column_inner][\/vc_row_inner][\/vc_column][vc_column column_padding=\u00a0\u00bbno-extra-padding\u00a0\u00bb column_padding_position=\u00a0\u00bball\u00a0\u00bb background_color_opacity=\u00a0\u00bb1&Prime; background_hover_color_opacity=\u00a0\u00bb1&Prime; column_shadow=\u00a0\u00bbnone\u00a0\u00bb column_border_radius=\u00a0\u00bbnone\u00a0\u00bb width=\u00a0\u00bb1\/6&Prime; tablet_text_alignment=\u00a0\u00bbdefault\u00a0\u00bb phone_text_alignment=\u00a0\u00bbdefault\u00a0\u00bb column_border_width=\u00a0\u00bbnone\u00a0\u00bb column_border_style=\u00a0\u00bbsolid\u00a0\u00bb offset=\u00a0\u00bbvc_hidden-sm vc_hidden-xs\u00a0\u00bb][\/vc_column][\/vc_row][vc_row type=\u00a0\u00bbfull_width_background\u00a0\u00bb full_screen_row_position=\u00a0\u00bbmiddle\u00a0\u00bb bg_image=\u00a0\u00bb942&Prime; bg_position=\u00a0\u00bbcenter center\u00a0\u00bb bg_repeat=\u00a0\u00bbno-repeat\u00a0\u00bb parallax_bg=\u00a0\u00bbtrue\u00a0\u00bb parallax_bg_speed=\u00a0\u00bbfast\u00a0\u00bb bg_color=\u00a0\u00bb#000000&Prime; scene_position=\u00a0\u00bbcenter\u00a0\u00bb text_color=\u00a0\u00bblight\u00a0\u00bb text_align=\u00a0\u00bbcenter\u00a0\u00bb top_padding=\u00a0\u00bb8%\u00a0\u00bb bottom_padding=\u00a0\u00bb8%\u00a0\u00bb color_overlay=\u00a0\u00bb#000000&Prime; overlay_strength=\u00a0\u00bb0.8&Prime; shape_divider_position=\u00a0\u00bbbottom\u00a0\u00bb shape_type=\u00a0\u00bb\u00a0\u00bb][vc_column column_padding=\u00a0\u00bbno-extra-padding\u00a0\u00bb column_padding_position=\u00a0\u00bball\u00a0\u00bb background_color_opacity=\u00a0\u00bb1&Prime; background_hover_color_opacity=\u00a0\u00bb1&Prime; column_shadow=\u00a0\u00bbnone\u00a0\u00bb column_border_radius=\u00a0\u00bbnone\u00a0\u00bb width=\u00a0\u00bb1\/1&Prime; tablet_text_alignment=\u00a0\u00bbdefault\u00a0\u00bb phone_text_alignment=\u00a0\u00bbdefault\u00a0\u00bb column_border_width=\u00a0\u00bbnone\u00a0\u00bb column_border_style=\u00a0\u00bbsolid\u00a0\u00bb][vc_column_text css=\u00a0\u00bb.vc_custom_1530106582299{margin-bottom: 35px !important;}\u00a0\u00bb]\n<h4><strong>Contactez-nous pour plus d&rsquo;informations<\/strong><\/h4>\n[\/vc_column_text][divider line_type=\u00a0\u00bbNo Line\u00a0\u00bb custom_height=\u00a0\u00bb20&Prime;][vc_row_inner column_margin=\u00a0\u00bbdefault\u00a0\u00bb text_align=\u00a0\u00bbleft\u00a0\u00bb][vc_column_inner column_padding=\u00a0\u00bbno-extra-padding\u00a0\u00bb column_padding_position=\u00a0\u00bball\u00a0\u00bb background_color_opacity=\u00a0\u00bb1&Prime; background_hover_color_opacity=\u00a0\u00bb1&Prime; column_shadow=\u00a0\u00bbnone\u00a0\u00bb column_border_radius=\u00a0\u00bbnone\u00a0\u00bb width=\u00a0\u00bb1\/4&Prime; column_border_width=\u00a0\u00bbnone\u00a0\u00bb column_border_style=\u00a0\u00bbsolid\u00a0\u00bb offset=\u00a0\u00bbvc_hidden-sm vc_hidden-xs\u00a0\u00bb][vc_column_text]<strong>Plan d&rsquo;acc\u00e8s<\/strong><br \/>\nVia Coronella 3<br \/>\n44124 Chiesuol Del Fosso, Ferrara[\/vc_column_text][\/vc_column_inner][vc_column_inner column_padding=\u00a0\u00bbno-extra-padding\u00a0\u00bb column_padding_position=\u00a0\u00bball\u00a0\u00bb background_color_opacity=\u00a0\u00bb1&Prime; background_hover_color_opacity=\u00a0\u00bb1&Prime; column_shadow=\u00a0\u00bbnone\u00a0\u00bb column_border_radius=\u00a0\u00bbnone\u00a0\u00bb width=\u00a0\u00bb1\/4&Prime; column_border_width=\u00a0\u00bbnone\u00a0\u00bb column_border_style=\u00a0\u00bbsolid\u00a0\u00bb][vc_column_text]<strong>Email<\/strong><br \/>\ninfo@lemacine-ferrara.it[\/vc_column_text][divider line_type=\u00a0\u00bbNo Line\u00a0\u00bb custom_height=\u00a0\u00bb20&Prime;][\/vc_column_inner][vc_column_inner column_padding=\u00a0\u00bbno-extra-padding\u00a0\u00bb column_padding_position=\u00a0\u00bball\u00a0\u00bb background_color_opacity=\u00a0\u00bb1&Prime; background_hover_color_opacity=\u00a0\u00bb1&Prime; column_shadow=\u00a0\u00bbnone\u00a0\u00bb column_border_radius=\u00a0\u00bbnone\u00a0\u00bb width=\u00a0\u00bb1\/4&Prime; column_border_width=\u00a0\u00bbnone\u00a0\u00bb column_border_style=\u00a0\u00bbsolid\u00a0\u00bb][vc_column_text]<strong>T\u00e9l\u00e9phone<\/strong><br \/>\n<a href=\"tel:0532978306\">0532 978 306<\/a>[\/vc_column_text][\/vc_column_inner][vc_column_inner column_padding=\u00a0\u00bbno-extra-padding\u00a0\u00bb column_padding_position=\u00a0\u00bball\u00a0\u00bb background_color_opacity=\u00a0\u00bb1&Prime; background_hover_color_opacity=\u00a0\u00bb1&Prime; column_shadow=\u00a0\u00bbnone\u00a0\u00bb column_border_radius=\u00a0\u00bbnone\u00a0\u00bb width=\u00a0\u00bb1\/4&Prime; column_border_width=\u00a0\u00bbnone\u00a0\u00bb column_border_style=\u00a0\u00bbsolid\u00a0\u00bb][vc_column_text el_class=\u00a0\u00bbfullwidth\u00a0\u00bb]<strong>Social<\/strong><br \/>\n<a href=\"https:\/\/www.facebook.com\/ALLOGGIO-LE-MACINE-203605632996721\/?fref=ts\" target=\"_blank\" rel=\"noopener\">Suivez-nous sur Facebook<\/a>[\/vc_column_text][\/vc_column_inner][\/vc_row_inner][nectar_btn size=\u00a0\u00bbjumbo\u00a0\u00bb open_new_tab=\u00a0\u00bbtrue\u00a0\u00bb button_style=\u00a0\u00bbregular\u00a0\u00bb button_color_2=\u00a0\u00bbAccent-Color\u00a0\u00bb icon_family=\u00a0\u00bbnone\u00a0\u00bb url=\u00a0\u00bb\/fr\/contact\/\u00a0\u00bb text=\u00a0\u00bbContact\u00a0\u00bb margin_top=\u00a0\u00bb35&Prime;][\/vc_column][\/vc_row]\n","protected":false},"excerpt":{"rendered":"<p>[vc_row type=\u00a0\u00bbfull_width_content\u00a0\u00bb full_screen_row_position=\u00a0\u00bbmiddle\u00a0\u00bb bg_image=\u00a0\u00bb1180&Prime; bg_position=\u00a0\u00bbleft center\u00a0\u00bb bg_repeat=\u00a0\u00bbno-repeat\u00a0\u00bb parallax_bg=\u00a0\u00bbtrue\u00a0\u00bb parallax_bg_speed=\u00a0\u00bbslow\u00a0\u00bb scene_position=\u00a0\u00bbcenter\u00a0\u00bb text_color=\u00a0\u00bblight\u00a0\u00bb text_align=\u00a0\u00bbcenter\u00a0\u00bb top_padding=\u00a0\u00bb2%\u00a0\u00bb bottom_padding=\u00a0\u00bb2%\u00a0\u00bb color_overlay=\u00a0\u00bb#000000&Prime;&#8230;<\/p>\n","protected":false},"author":1,"featured_media":0,"parent":0,"menu_order":0,"comment_status":"closed","ping_status":"closed","template":"","meta":{"footnotes":""},"class_list":["post-1403","page","type-page","status-publish"],"yoast_head":"<!-- This site is optimized with the Yoast SEO plugin v27.2 - https:\/\/yoast.com\/product\/yoast-seo-wordpress\/ -->\n<title>Le Macine et l\u2019Environnement - Alloggio Le Macine di Ferrara<\/title>\n<meta name=\"description\" content=\"Nous avons utilis\u00e9 des mat\u00e9riaux non nocifs et \u00e9cologiques pour r\u00e9duire au minimum l\u2019impact sur la sant\u00e9 et la nature.\" \/>\n<meta name=\"robots\" content=\"index, follow, max-snippet:-1, max-image-preview:large, max-video-preview:-1\" \/>\n<link rel=\"canonical\" href=\"https:\/\/www.lemacine-ferrara.it\/fr\/le-macine-et-lenvironnement\/\" \/>\n<meta property=\"og:locale\" content=\"fr_FR\" \/>\n<meta property=\"og:type\" content=\"article\" \/>\n<meta property=\"og:title\" content=\"Le Macine et l\u2019Environnement - Alloggio Le Macine di Ferrara\" \/>\n<meta property=\"og:description\" content=\"Nous avons utilis\u00e9 des mat\u00e9riaux non nocifs et \u00e9cologiques pour r\u00e9duire au minimum l\u2019impact sur la sant\u00e9 et la nature.\" \/>\n<meta property=\"og:url\" content=\"https:\/\/www.lemacine-ferrara.it\/fr\/le-macine-et-lenvironnement\/\" \/>\n<meta property=\"og:site_name\" content=\"Alloggio Le Macine di Ferrara\" \/>\n<meta name=\"twitter:card\" content=\"summary_large_image\" \/>\n<meta name=\"twitter:label1\" content=\"Dur\u00e9e de lecture estim\u00e9e\" \/>\n\t<meta name=\"twitter:data1\" content=\"6 minutes\" \/>\n<script type=\"application\/ld+json\" class=\"yoast-schema-graph\">{\"@context\":\"https:\/\/schema.org\",\"@graph\":[{\"@type\":\"WebPage\",\"@id\":\"https:\/\/www.lemacine-ferrara.it\/fr\/le-macine-et-lenvironnement\/\",\"url\":\"https:\/\/www.lemacine-ferrara.it\/fr\/le-macine-et-lenvironnement\/\",\"name\":\"Le Macine et l\u2019Environnement - Alloggio Le Macine di Ferrara\",\"isPartOf\":{\"@id\":\"https:\/\/www.lemacine-ferrara.it\/#website\"},\"datePublished\":\"2018-06-27T13:42:00+00:00\",\"description\":\"Nous avons utilis\u00e9 des mat\u00e9riaux non nocifs et \u00e9cologiques pour r\u00e9duire au minimum l\u2019impact sur la sant\u00e9 et la nature.\",\"breadcrumb\":{\"@id\":\"https:\/\/www.lemacine-ferrara.it\/fr\/le-macine-et-lenvironnement\/#breadcrumb\"},\"inLanguage\":\"fr-FR\",\"potentialAction\":[{\"@type\":\"ReadAction\",\"target\":[\"https:\/\/www.lemacine-ferrara.it\/fr\/le-macine-et-lenvironnement\/\"]}]},{\"@type\":\"BreadcrumbList\",\"@id\":\"https:\/\/www.lemacine-ferrara.it\/fr\/le-macine-et-lenvironnement\/#breadcrumb\",\"itemListElement\":[{\"@type\":\"ListItem\",\"position\":1,\"name\":\"Home\",\"item\":\"https:\/\/www.lemacine-ferrara.it\/fr\/\"},{\"@type\":\"ListItem\",\"position\":2,\"name\":\"Le Macine et l\u2019Environnement\"}]},{\"@type\":\"WebSite\",\"@id\":\"https:\/\/www.lemacine-ferrara.it\/#website\",\"url\":\"https:\/\/www.lemacine-ferrara.it\/\",\"name\":\"Alloggio Le Macine di Ferrara\",\"description\":\"Room &amp; Breakfast Ferrara\",\"potentialAction\":[{\"@type\":\"SearchAction\",\"target\":{\"@type\":\"EntryPoint\",\"urlTemplate\":\"https:\/\/www.lemacine-ferrara.it\/?s={search_term_string}\"},\"query-input\":{\"@type\":\"PropertyValueSpecification\",\"valueRequired\":true,\"valueName\":\"search_term_string\"}}],\"inLanguage\":\"fr-FR\"}]}<\/script>\n<!-- \/ Yoast SEO plugin. -->","yoast_head_json":{"title":"Le Macine et l\u2019Environnement - Alloggio Le Macine di Ferrara","description":"Nous avons utilis\u00e9 des mat\u00e9riaux non nocifs et \u00e9cologiques pour r\u00e9duire au minimum l\u2019impact sur la sant\u00e9 et la nature.","robots":{"index":"index","follow":"follow","max-snippet":"max-snippet:-1","max-image-preview":"max-image-preview:large","max-video-preview":"max-video-preview:-1"},"canonical":"https:\/\/www.lemacine-ferrara.it\/fr\/le-macine-et-lenvironnement\/","og_locale":"fr_FR","og_type":"article","og_title":"Le Macine et l\u2019Environnement - Alloggio Le Macine di Ferrara","og_description":"Nous avons utilis\u00e9 des mat\u00e9riaux non nocifs et \u00e9cologiques pour r\u00e9duire au minimum l\u2019impact sur la sant\u00e9 et la nature.","og_url":"https:\/\/www.lemacine-ferrara.it\/fr\/le-macine-et-lenvironnement\/","og_site_name":"Alloggio Le Macine di Ferrara","twitter_card":"summary_large_image","twitter_misc":{"Dur\u00e9e de lecture estim\u00e9e":"6 minutes"},"schema":{"@context":"https:\/\/schema.org","@graph":[{"@type":"WebPage","@id":"https:\/\/www.lemacine-ferrara.it\/fr\/le-macine-et-lenvironnement\/","url":"https:\/\/www.lemacine-ferrara.it\/fr\/le-macine-et-lenvironnement\/","name":"Le Macine et l\u2019Environnement - Alloggio Le Macine di Ferrara","isPartOf":{"@id":"https:\/\/www.lemacine-ferrara.it\/#website"},"datePublished":"2018-06-27T13:42:00+00:00","description":"Nous avons utilis\u00e9 des mat\u00e9riaux non nocifs et \u00e9cologiques pour r\u00e9duire au minimum l\u2019impact sur la sant\u00e9 et la nature.","breadcrumb":{"@id":"https:\/\/www.lemacine-ferrara.it\/fr\/le-macine-et-lenvironnement\/#breadcrumb"},"inLanguage":"fr-FR","potentialAction":[{"@type":"ReadAction","target":["https:\/\/www.lemacine-ferrara.it\/fr\/le-macine-et-lenvironnement\/"]}]},{"@type":"BreadcrumbList","@id":"https:\/\/www.lemacine-ferrara.it\/fr\/le-macine-et-lenvironnement\/#breadcrumb","itemListElement":[{"@type":"ListItem","position":1,"name":"Home","item":"https:\/\/www.lemacine-ferrara.it\/fr\/"},{"@type":"ListItem","position":2,"name":"Le Macine et l\u2019Environnement"}]},{"@type":"WebSite","@id":"https:\/\/www.lemacine-ferrara.it\/#website","url":"https:\/\/www.lemacine-ferrara.it\/","name":"Alloggio Le Macine di Ferrara","description":"Room &amp; Breakfast Ferrara","potentialAction":[{"@type":"SearchAction","target":{"@type":"EntryPoint","urlTemplate":"https:\/\/www.lemacine-ferrara.it\/?s={search_term_string}"},"query-input":{"@type":"PropertyValueSpecification","valueRequired":true,"valueName":"search_term_string"}}],"inLanguage":"fr-FR"}]}},"_links":{"self":[{"href":"https:\/\/www.lemacine-ferrara.it\/fr\/wp-json\/wp\/v2\/pages\/1403","targetHints":{"allow":["GET"]}}],"collection":[{"href":"https:\/\/www.lemacine-ferrara.it\/fr\/wp-json\/wp\/v2\/pages"}],"about":[{"href":"https:\/\/www.lemacine-ferrara.it\/fr\/wp-json\/wp\/v2\/types\/page"}],"author":[{"embeddable":true,"href":"https:\/\/www.lemacine-ferrara.it\/fr\/wp-json\/wp\/v2\/users\/1"}],"replies":[{"embeddable":true,"href":"https:\/\/www.lemacine-ferrara.it\/fr\/wp-json\/wp\/v2\/comments?post=1403"}],"version-history":[{"count":2,"href":"https:\/\/www.lemacine-ferrara.it\/fr\/wp-json\/wp\/v2\/pages\/1403\/revisions"}],"predecessor-version":[{"id":1405,"href":"https:\/\/www.lemacine-ferrara.it\/fr\/wp-json\/wp\/v2\/pages\/1403\/revisions\/1405"}],"wp:attachment":[{"href":"https:\/\/www.lemacine-ferrara.it\/fr\/wp-json\/wp\/v2\/media?parent=1403"}],"curies":[{"name":"wp","href":"https:\/\/api.w.org\/{rel}","templated":true}]}}